{"id":22,"date":"2021-09-21T14:52:31","date_gmt":"2021-09-21T17:52:31","guid":{"rendered":"https:\/\/laboratorios.ufrrj.br\/farmaciaescola\/?page_id=22"},"modified":"2023-09-18T11:27:13","modified_gmt":"2023-09-18T14:27:13","slug":"farmacia-viva","status":"publish","type":"page","link":"https:\/\/laboratorios.ufrrj.br\/farmaciaescola\/farmacia-viva\/","title":{"rendered":"Divis\u00e3o Farm\u00e1cia Viva"},"content":{"rendered":"<div class=\"wp-block-image\">\n<figure class=\"aligncenter size-large is-resized\"><img loading=\"lazy\" decoding=\"async\" src=\"https:\/\/laboratorios.ufrrj.br\/farmaciaescola\/wp-content\/uploads\/sites\/32\/2023\/09\/Site-1024x341.png\" alt=\"\" class=\"wp-image-226\" width=\"692\" height=\"230\" srcset=\"https:\/\/laboratorios.ufrrj.br\/farmaciaescola\/wp-content\/uploads\/sites\/32\/2023\/09\/Site-1024x341.png 1024w, https:\/\/laboratorios.ufrrj.br\/farmaciaescola\/wp-content\/uploads\/sites\/32\/2023\/09\/Site-300x100.png 300w, https:\/\/laboratorios.ufrrj.br\/farmaciaescola\/wp-content\/uploads\/sites\/32\/2023\/09\/Site-768x256.png 768w, https:\/\/laboratorios.ufrrj.br\/farmaciaescola\/wp-content\/uploads\/sites\/32\/2023\/09\/Site.png 1500w\" sizes=\"auto, (max-width: 692px) 100vw, 692px\" \/><\/figure>\n<\/div>\n\n\n<p>Este projeto visa capacitar alunos dos cursos de farm\u00e1cia, biologia, qu\u00edmica, agronomia, medicina veterin\u00e1ria e demais \u00e1reas afins, para atuar no trabalho de pesquisa, resgate e preserva\u00e7\u00e3o do conhecimento e da pr\u00e1tica tradicional em plantas medicinais (etnofarmacologia, etnoveterin\u00e1ria e etnobot\u00e2nica), bem como exercer o papel de orienta\u00e7\u00e3o profissional frente \u00e0s pr\u00e1ticas farmac\u00eauticas e agr\u00edcolas populares (aten\u00e7\u00e3o farmac\u00eautica e extens\u00e3o rural).<\/p>\n\n\n\n<p>Para isso possui as seguintes metas:<\/p>\n\n\n\n<ul class=\"wp-block-list\">\n<li>Tra\u00e7ar o perfil etnofarmacol\u00f3gico de utiliza\u00e7\u00e3o de plantas medicinais no munic\u00edpio de Serop\u00e9dica-RJ;<\/li>\n\n\n\n<li>Implantar a farm\u00e1cia viva;<\/li>\n\n\n\n<li>Realizar a an\u00e1lise qu\u00edmica de fertilidade do solo onde ser\u00e3o cultivadas as esp\u00e9cies medicinais, revitalizando o Horto de Plantas Medicinais, a fim de realizar a corre\u00e7\u00e3o de acidez e aduba\u00e7\u00e3o, quando necess\u00e1rio, otimizando as condi\u00e7\u00f5es de cultivo das esp\u00e9cies de plantas medicinais utilizadas neste projeto;<\/li>\n\n\n\n<li>Selecionar as plantas medicinais pelo \u00cdndice de Import\u00e2ncia Relativa (IR) para serem cultivadas na farm\u00e1cia viva;<\/li>\n\n\n\n<li>Produzir drogas vegetais e formula\u00e7\u00f5es farmac\u00eauticas, para serem disponibilizadas \u00e0 popula\u00e7\u00e3o;<\/li>\n\n\n\n<li>Promover a implanta\u00e7\u00e3o e execu\u00e7\u00e3o de metodologias de controle de qualidade das plantas medicinais cultivadas e\/ou de suas formula\u00e7\u00f5es, visando \u00e0 capacita\u00e7\u00e3o profissional dos alunos na \u00e1rea de produ\u00e7\u00e3o, desenvolvimento e controle de qualidade de plantas medicinais e medicamentos fitoter\u00e1picos;<\/li>\n\n\n\n<li>Divulgar o conhecimento cient\u00edfico \u00e0 popula\u00e7\u00e3o, com linguajar acess\u00edvel;<\/li>\n\n\n\n<li>Capacita\u00e7\u00e3o profissional dos discentes envolvidos no projeto levando a forma\u00e7\u00e3o de recursos humanos;<\/li>\n\n\n\n<li>Garantir aos usu\u00e1rios da Aten\u00e7\u00e3o B\u00e1sica\/Sa\u00fade da Fam\u00edlia, no munic\u00edpio de Serop\u00e9dica-RJ, o acesso e utiliza\u00e7\u00e3o seguro, racional e eficaz de plantas medicinais e formula\u00e7\u00f5es farmac\u00eauticas, com efic\u00e1cia e qualidade, na perspectiva da integralidade da aten\u00e7\u00e3o \u00e0 sa\u00fade, promovendo o uso sustent\u00e1vel e preserva\u00e7\u00e3o da biodiversidade e valorizando o conhecimento tradicional associado da comunidade local;<\/li>\n\n\n\n<li>Garantir aos criadores da zona rural do munic\u00edpio de Serop\u00e9dica-RJ, o acesso e utiliza\u00e7\u00e3o segura, racional e eficaz de plantas medicinais e formula\u00e7\u00f5es farmac\u00eauticas, com efic\u00e1cia e qualidade, na perspectiva da integralidade da aten\u00e7\u00e3o \u00e0 sa\u00fade, promovendo o uso sustent\u00e1vel e preserva\u00e7\u00e3o da biodiversidade e valorizando o conhecimento tradicional associado da comunidade local.<\/li>\n<\/ul>\n\n\n<div class=\"wp-block-image\">\n<figure class=\"alignleft size-large is-resized\"><img loading=\"lazy\" decoding=\"async\" src=\"https:\/\/laboratorios.ufrrj.br\/farmaciaescola\/wp-content\/uploads\/sites\/32\/2023\/08\/logo_horizontal_cor-1-1-1024x671.png\" alt=\"\" class=\"wp-image-193\" width=\"324\" height=\"212\" srcset=\"https:\/\/laboratorios.ufrrj.br\/farmaciaescola\/wp-content\/uploads\/sites\/32\/2023\/08\/logo_horizontal_cor-1-1-1024x671.png 1024w, https:\/\/laboratorios.ufrrj.br\/farmaciaescola\/wp-content\/uploads\/sites\/32\/2023\/08\/logo_horizontal_cor-1-1-300x197.png 300w, https:\/\/laboratorios.ufrrj.br\/farmaciaescola\/wp-content\/uploads\/sites\/32\/2023\/08\/logo_horizontal_cor-1-1-768x503.png 768w, https:\/\/laboratorios.ufrrj.br\/farmaciaescola\/wp-content\/uploads\/sites\/32\/2023\/08\/logo_horizontal_cor-1-1-1536x1006.png 1536w, https:\/\/laboratorios.ufrrj.br\/farmaciaescola\/wp-content\/uploads\/sites\/32\/2023\/08\/logo_horizontal_cor-1-1-2048x1342.png 2048w\" sizes=\"auto, (max-width: 324px) 100vw, 324px\" \/><\/figure>\n<\/div>","protected":false},"excerpt":{"rendered":"<p>Este projeto visa capacitar alunos dos cursos de farm\u00e1cia, biologia, qu\u00edmica, agronomia, medicina veterin\u00e1ria e demais \u00e1reas afins, para atuar <a class=\"read-more\" href=\"https:\/\/laboratorios.ufrrj.br\/farmaciaescola\/farmacia-viva\/ \" >&#8230; <span class=\"font-italic\">leia mais <i class=\"fas fa-angle-right\"><\/i><\/span><\/a><\/p>\n","protected":false},"author":9,"featured_media":0,"parent":0,"menu_order":0,"comment_status":"closed","ping_status":"closed","template":"","meta":{"_acf_changed":false,"footnotes":""},"class_list":["post-22","page","type-page","status-publish","hentry"],"acf":[],"yoast_head":"<!-- This site is optimized with the Yoast SEO plugin v26.8 - https:\/\/yoast.com\/product\/yoast-seo-wordpress\/ -->\n<title>Divis\u00e3o Farm\u00e1cia Viva - Laborat\u00f3rio Farm\u00e1cia Escola<\/title>\n<meta name=\"robots\" content=\"index, follow, max-snippet:-1, max-image-preview:large, max-video-preview:-1\" \/>\n<link rel=\"canonical\" href=\"https:\/\/laboratorios.ufrrj.br\/farmaciaescola\/farmacia-viva\/\" \/>\n<meta property=\"og:locale\" content=\"pt_BR\" \/>\n<meta property=\"og:type\" content=\"article\" \/>\n<meta property=\"og:title\" content=\"Divis\u00e3o Farm\u00e1cia Viva - Laborat\u00f3rio Farm\u00e1cia Escola\" \/>\n<meta property=\"og:description\" content=\"Este projeto visa capacitar alunos dos cursos de farm\u00e1cia, biologia, qu\u00edmica, agronomia, medicina veterin\u00e1ria e demais \u00e1reas afins, para atuar ... leia mais\" \/>\n<meta property=\"og:url\" content=\"https:\/\/laboratorios.ufrrj.br\/farmaciaescola\/farmacia-viva\/\" \/>\n<meta property=\"og:site_name\" content=\"Laborat\u00f3rio Farm\u00e1cia Escola\" \/>\n<meta property=\"article:modified_time\" content=\"2023-09-18T14:27:13+00:00\" \/>\n<meta property=\"og:image\" content=\"https:\/\/laboratorios.ufrrj.br\/farmaciaescola\/wp-content\/uploads\/sites\/32\/2023\/09\/Site.png\" \/>\n\t<meta property=\"og:image:width\" content=\"1500\" \/>\n\t<meta property=\"og:image:height\" content=\"500\" \/>\n\t<meta property=\"og:image:type\" content=\"image\/png\" \/>\n<meta name=\"twitter:card\" content=\"summary_large_image\" \/>\n<meta name=\"twitter:label1\" content=\"Est. tempo de leitura\" \/>\n\t<meta name=\"twitter:data1\" content=\"2 minutos\" \/>\n<script type=\"application\/ld+json\" class=\"yoast-schema-graph\">{\"@context\":\"https:\/\/schema.org\",\"@graph\":[{\"@type\":\"WebPage\",\"@id\":\"https:\/\/laboratorios.ufrrj.br\/farmaciaescola\/farmacia-viva\/\",\"url\":\"https:\/\/laboratorios.ufrrj.br\/farmaciaescola\/farmacia-viva\/\",\"name\":\"Divis\u00e3o Farm\u00e1cia Viva - Laborat\u00f3rio Farm\u00e1cia Escola\",\"isPartOf\":{\"@id\":\"https:\/\/laboratorios.ufrrj.br\/farmaciaescola\/#website\"},\"primaryImageOfPage\":{\"@id\":\"https:\/\/laboratorios.ufrrj.br\/farmaciaescola\/farmacia-viva\/#primaryimage\"},\"image\":{\"@id\":\"https:\/\/laboratorios.ufrrj.br\/farmaciaescola\/farmacia-viva\/#primaryimage\"},\"thumbnailUrl\":\"https:\/\/laboratorios.ufrrj.br\/farmaciaescola\/wp-content\/uploads\/sites\/32\/2023\/09\/Site-1024x341.png\",\"datePublished\":\"2021-09-21T17:52:31+00:00\",\"dateModified\":\"2023-09-18T14:27:13+00:00\",\"breadcrumb\":{\"@id\":\"https:\/\/laboratorios.ufrrj.br\/farmaciaescola\/farmacia-viva\/#breadcrumb\"},\"inLanguage\":\"pt-BR\",\"potentialAction\":[{\"@type\":\"ReadAction\",\"target\":[\"https:\/\/laboratorios.ufrrj.br\/farmaciaescola\/farmacia-viva\/\"]}]},{\"@type\":\"ImageObject\",\"inLanguage\":\"pt-BR\",\"@id\":\"https:\/\/laboratorios.ufrrj.br\/farmaciaescola\/farmacia-viva\/#primaryimage\",\"url\":\"https:\/\/laboratorios.ufrrj.br\/farmaciaescola\/wp-content\/uploads\/sites\/32\/2023\/09\/Site.png\",\"contentUrl\":\"https:\/\/laboratorios.ufrrj.br\/farmaciaescola\/wp-content\/uploads\/sites\/32\/2023\/09\/Site.png\",\"width\":1500,\"height\":500},{\"@type\":\"BreadcrumbList\",\"@id\":\"https:\/\/laboratorios.ufrrj.br\/farmaciaescola\/farmacia-viva\/#breadcrumb\",\"itemListElement\":[{\"@type\":\"ListItem\",\"position\":1,\"name\":\"In\u00edcio\",\"item\":\"https:\/\/laboratorios.ufrrj.br\/farmaciaescola\/\"},{\"@type\":\"ListItem\",\"position\":2,\"name\":\"Divis\u00e3o Farm\u00e1cia Viva\"}]},{\"@type\":\"WebSite\",\"@id\":\"https:\/\/laboratorios.ufrrj.br\/farmaciaescola\/#website\",\"url\":\"https:\/\/laboratorios.ufrrj.br\/farmaciaescola\/\",\"name\":\"Laborat\u00f3rio Farm\u00e1cia Escola\",\"description\":\"UFRRJ\",\"potentialAction\":[{\"@type\":\"SearchAction\",\"target\":{\"@type\":\"EntryPoint\",\"urlTemplate\":\"https:\/\/laboratorios.ufrrj.br\/farmaciaescola\/?s={search_term_string}\"},\"query-input\":{\"@type\":\"PropertyValueSpecification\",\"valueRequired\":true,\"valueName\":\"search_term_string\"}}],\"inLanguage\":\"pt-BR\"}]}<\/script>\n<!-- \/ Yoast SEO plugin. -->","yoast_head_json":{"title":"Divis\u00e3o Farm\u00e1cia Viva - Laborat\u00f3rio Farm\u00e1cia Escola","robots":{"index":"index","follow":"follow","max-snippet":"max-snippet:-1","max-image-preview":"max-image-preview:large","max-video-preview":"max-video-preview:-1"},"canonical":"https:\/\/laboratorios.ufrrj.br\/farmaciaescola\/farmacia-viva\/","og_locale":"pt_BR","og_type":"article","og_title":"Divis\u00e3o Farm\u00e1cia Viva - Laborat\u00f3rio Farm\u00e1cia Escola","og_description":"Este projeto visa capacitar alunos dos cursos de farm\u00e1cia, biologia, qu\u00edmica, agronomia, medicina veterin\u00e1ria e demais \u00e1reas afins, para atuar ... leia mais","og_url":"https:\/\/laboratorios.ufrrj.br\/farmaciaescola\/farmacia-viva\/","og_site_name":"Laborat\u00f3rio Farm\u00e1cia Escola","article_modified_time":"2023-09-18T14:27:13+00:00","og_image":[{"width":1500,"height":500,"url":"https:\/\/laboratorios.ufrrj.br\/farmaciaescola\/wp-content\/uploads\/sites\/32\/2023\/09\/Site.png","type":"image\/png"}],"twitter_card":"summary_large_image","twitter_misc":{"Est. tempo de leitura":"2 minutos"},"schema":{"@context":"https:\/\/schema.org","@graph":[{"@type":"WebPage","@id":"https:\/\/laboratorios.ufrrj.br\/farmaciaescola\/farmacia-viva\/","url":"https:\/\/laboratorios.ufrrj.br\/farmaciaescola\/farmacia-viva\/","name":"Divis\u00e3o Farm\u00e1cia Viva - Laborat\u00f3rio Farm\u00e1cia Escola","isPartOf":{"@id":"https:\/\/laboratorios.ufrrj.br\/farmaciaescola\/#website"},"primaryImageOfPage":{"@id":"https:\/\/laboratorios.ufrrj.br\/farmaciaescola\/farmacia-viva\/#primaryimage"},"image":{"@id":"https:\/\/laboratorios.ufrrj.br\/farmaciaescola\/farmacia-viva\/#primaryimage"},"thumbnailUrl":"https:\/\/laboratorios.ufrrj.br\/farmaciaescola\/wp-content\/uploads\/sites\/32\/2023\/09\/Site-1024x341.png","datePublished":"2021-09-21T17:52:31+00:00","dateModified":"2023-09-18T14:27:13+00:00","breadcrumb":{"@id":"https:\/\/laboratorios.ufrrj.br\/farmaciaescola\/farmacia-viva\/#breadcrumb"},"inLanguage":"pt-BR","potentialAction":[{"@type":"ReadAction","target":["https:\/\/laboratorios.ufrrj.br\/farmaciaescola\/farmacia-viva\/"]}]},{"@type":"ImageObject","inLanguage":"pt-BR","@id":"https:\/\/laboratorios.ufrrj.br\/farmaciaescola\/farmacia-viva\/#primaryimage","url":"https:\/\/laboratorios.ufrrj.br\/farmaciaescola\/wp-content\/uploads\/sites\/32\/2023\/09\/Site.png","contentUrl":"https:\/\/laboratorios.ufrrj.br\/farmaciaescola\/wp-content\/uploads\/sites\/32\/2023\/09\/Site.png","width":1500,"height":500},{"@type":"BreadcrumbList","@id":"https:\/\/laboratorios.ufrrj.br\/farmaciaescola\/farmacia-viva\/#breadcrumb","itemListElement":[{"@type":"ListItem","position":1,"name":"In\u00edcio","item":"https:\/\/laboratorios.ufrrj.br\/farmaciaescola\/"},{"@type":"ListItem","position":2,"name":"Divis\u00e3o Farm\u00e1cia Viva"}]},{"@type":"WebSite","@id":"https:\/\/laboratorios.ufrrj.br\/farmaciaescola\/#website","url":"https:\/\/laboratorios.ufrrj.br\/farmaciaescola\/","name":"Laborat\u00f3rio Farm\u00e1cia Escola","description":"UFRRJ","potentialAction":[{"@type":"SearchAction","target":{"@type":"EntryPoint","urlTemplate":"https:\/\/laboratorios.ufrrj.br\/farmaciaescola\/?s={search_term_string}"},"query-input":{"@type":"PropertyValueSpecification","valueRequired":true,"valueName":"search_term_string"}}],"inLanguage":"pt-BR"}]}},"_links":{"self":[{"href":"https:\/\/laboratorios.ufrrj.br\/farmaciaescola\/wp-json\/wp\/v2\/pages\/22","targetHints":{"allow":["GET"]}}],"collection":[{"href":"https:\/\/laboratorios.ufrrj.br\/farmaciaescola\/wp-json\/wp\/v2\/pages"}],"about":[{"href":"https:\/\/laboratorios.ufrrj.br\/farmaciaescola\/wp-json\/wp\/v2\/types\/page"}],"author":[{"embeddable":true,"href":"https:\/\/laboratorios.ufrrj.br\/farmaciaescola\/wp-json\/wp\/v2\/users\/9"}],"replies":[{"embeddable":true,"href":"https:\/\/laboratorios.ufrrj.br\/farmaciaescola\/wp-json\/wp\/v2\/comments?post=22"}],"version-history":[{"count":9,"href":"https:\/\/laboratorios.ufrrj.br\/farmaciaescola\/wp-json\/wp\/v2\/pages\/22\/revisions"}],"predecessor-version":[{"id":247,"href":"https:\/\/laboratorios.ufrrj.br\/farmaciaescola\/wp-json\/wp\/v2\/pages\/22\/revisions\/247"}],"wp:attachment":[{"href":"https:\/\/laboratorios.ufrrj.br\/farmaciaescola\/wp-json\/wp\/v2\/media?parent=22"}],"curies":[{"name":"wp","href":"https:\/\/api.w.org\/{rel}","templated":true}]}}